{"id":17736,"date":"2023-05-25T16:49:16","date_gmt":"2023-05-25T14:49:16","guid":{"rendered":"https:\/\/eclipses.eu\/?post_type=tribe_events&#038;p=17736"},"modified":"2023-05-25T16:49:16","modified_gmt":"2023-05-25T14:49:16","slug":"islandia-i-wyspy-owcze-piec-tygodni-w-bagazniku","status":"publish","type":"tribe_events","link":"https:\/\/eclipses.eu\/index.php\/event\/islandia-i-wyspy-owcze-piec-tygodni-w-bagazniku\/","title":{"rendered":"Islandia y las Islas Feroe: cinco semanas en el ba\u00fal"},"content":{"rendered":"No te puedes perder el encuentro con Tomasz Czarnecki, quien te hablar\u00e1 de la extraordinaria expedici\u00f3n ISLANDIA Y LAS ISLAS FEROE &#8211; cinco semanas en el ba\u00fal. Las fotos y videos que veremos durante la conferencia har\u00e1n las delicias no solo de los fot\u00f3grafos, sino tambi\u00e9n de los viajeros.<\/p>\n<p>Lo invitamos a una extraordinaria conferencia y presentaci\u00f3n multimedia de Tomasz Czarnecki \u00abIslandia y las Islas Feroe: cinco semanas en el ba\u00fal\u00bb.<\/p>\n<p>Tomasz Czarnecki se gradu\u00f3 en la Facultad de Arquitectura de la Universidad Tecnol\u00f3gica de Silesia y la Universidad Estatal de Luisiana, donde estudi\u00f3 fotograf\u00eda bajo la direcci\u00f3n de A.J. Meek, Thomas Neff y Steven Booke. Contagiado de la man\u00eda de viajar y la fotograf\u00eda por parte de su padre, lleva a\u00f1os cazando eclipses solares, volcanes en erupci\u00f3n y bellos paisajes, tanto por su cuenta como organizando talleres de fotograf\u00eda de paisajes. Las fotos de Tomasz Czarnecki han sido presentadas en docenas de exposiciones internacionales y publicadas en \u00abCreative Light\u00bb y \u00abDigital Camera\u00bb.<\/p>\n<p>\u201cCuando el volc\u00e1n Geldingadalir hizo erupci\u00f3n en Islandia hace dos a\u00f1os y al mismo tiempo que terminaban las restricciones por la pandemia, finalmente fue posible salir. El primer viaje con mi hijo fue corto, demasiado corto, as\u00ed que este a\u00f1o convertimos el autom\u00f3vil para que pudieras dormir c\u00f3modamente en \u00e9l y emprendimos un viaje que dur\u00f3 casi siete semanas, durante las cuales pasamos 4 semanas en Islandia y un semana en las islas Feroe\u201d \u2013 dice el viajero y fot\u00f3grafo.<\/p>\n<p>Los invitamos a una emocionante reuni\u00f3n combinada con una presentaci\u00f3n multimedia, que tendr\u00e1 lugar el viernes 14 de abril de 2023, a partir de las 6:30 pm. Entrada libre.<\/p>\n<p>\u00bfQui\u00e9n quiere empezar el fin de semana con la estaci\u00f3n?","protected":false},"excerpt":{"rendered":"<p>No te puedes perder el encuentro con Tomasz Czarnecki, quien te hablar\u00e1 de la extraordinaria expedici\u00f3n ISLANDIA Y LAS ISLAS FEROE &#8211; cinco semanas en el ba\u00fal. Las fotos y [&hellip;]<\/p>\n","protected":false},"author":1,"featured_media":17737,"template":"","meta":{"ngg_post_thumbnail":0,"_price":"","_stock":"","_tribe_ticket_header":"","_tribe_default_ticket_provider":"TEC\\Tickets\\Commerce\\Module","_tribe_ticket_capacity":"","_ticket_start_date":"","_ticket_end_date":"","_tribe_ticket_show_description":"","_tribe_ticket_show_not_going":false,"_tribe_ticket_use_global_stock":"","_tribe_ticket_global_stock_level":"","_global_stock_mode":"","_global_stock_cap":"","_tribe_rsvp_for_event":"","_tribe_ticket_going_count":"","_tribe_ticket_not_going_count":"","_tribe_tickets_list":"[]","_tribe_ticket_has_attendee_info_fields":false,"_EventAllDay":false,"_EventTimezone":"Europe\/Warsaw","_EventStartDate":"2023-04-14 18:30:00","_EventEndDate":"2023-04-14 20:30:00","_EventStartDateUTC":"2023-04-14 16:30:00","_EventEndDateUTC":"2023-04-14 18:30:00","_EventShowMap":true,"_EventShowMapLink":true,"_EventURL":"https:\/\/www.facebook.com\/events\/776225490517238\/?locale=pl_PL","_EventCost":"","_EventCostDescription":"","_EventCurrencySymbol":"","_EventCurrencyCode":"","_EventCurrencyPosition":"","_EventDateTimeSeparator":"","_EventTimeRangeSeparator":"","_EventOrganizerID":[],"_EventVenueID":[17731],"_OrganizerEmail":"","_OrganizerPhone":"","_OrganizerWebsite":"","_VenueAddress":"","_VenueCity":"","_VenueCountry":"","_VenueProvince":"","_VenueState":"","_VenueZip":"","_VenuePhone":"","_VenueURL":"","_VenueStateProvince":"","_VenueLat":"","_VenueLng":"","_VenueShowMap":false,"_VenueShowMapLink":false,"_tribe_events_status":"","_tribe_events_status_reason":"","footnotes":"","_tec_slr_enabled":"","_tec_slr_layout":""},"tags":[],"tribe_events_cat":[337],"class_list":["post-17736","tribe_events","type-tribe_events","status-publish","has-post-thumbnail","hentry","tribe_events_cat-calendar-slideshows","cat_calendar-slideshows"],"aioseo_notices":[],"jetpack_sharing_enabled":true,"ticketed":false,"_links":{"self":[{"href":"https:\/\/eclipses.eu\/index.php\/wp-json\/wp\/v2\/tribe_events\/17736","targetHints":{"allow":["GET"]}}],"collection":[{"href":"https:\/\/eclipses.eu\/index.php\/wp-json\/wp\/v2\/tribe_events"}],"about":[{"href":"https:\/\/eclipses.eu\/index.php\/wp-json\/wp\/v2\/types\/tribe_events"}],"author":[{"embeddable":true,"href":"https:\/\/eclipses.eu\/index.php\/wp-json\/wp\/v2\/users\/1"}],"version-history":[{"count":1,"href":"https:\/\/eclipses.eu\/index.php\/wp-json\/wp\/v2\/tribe_events\/17736\/revisions"}],"predecessor-version":[{"id":17738,"href":"https:\/\/eclipses.eu\/index.php\/wp-json\/wp\/v2\/tribe_events\/17736\/revisions\/17738"}],"wp:featuredmedia":[{"embeddable":true,"href":"https:\/\/eclipses.eu\/index.php\/wp-json\/wp\/v2\/media\/17737"}],"wp:attachment":[{"href":"https:\/\/eclipses.eu\/index.php\/wp-json\/wp\/v2\/media?parent=17736"}],"wp:term":[{"taxonomy":"post_tag","embeddable":true,"href":"https:\/\/eclipses.eu\/index.php\/wp-json\/wp\/v2\/tags?post=17736"},{"taxonomy":"tribe_events_cat","embeddable":true,"href":"https:\/\/eclipses.eu\/index.php\/wp-json\/wp\/v2\/tribe_events_cat?post=17736"}],"curies":[{"name":"wp","href":"https:\/\/api.w.org\/{rel}","templated":true}]}}